{"id":863,"date":"2024-02-06T14:22:59","date_gmt":"2024-02-06T13:22:59","guid":{"rendered":"https:\/\/www.frame21.eu\/espaces-de-reunion-et-d-evenements\/event-spaces\/"},"modified":"2025-03-28T06:38:40","modified_gmt":"2025-03-28T05:38:40","slug":"espaces-evenementiel","status":"publish","type":"page","link":"https:\/\/www.frame21.eu\/fr\/salles-de-reunion-et-d-evenements\/espaces-evenementiel\/","title":{"rendered":"Espaces \u00e9v\u00e9nementiel"},"content":{"rendered":"<div class=\"column\">\n\t<div class=\"rw-boostu-wrapper rw-page-opener\" style=\"background-image: url('https:\/\/www.frame21.eu\/wp-content\/uploads\/2024\/02\/16062022-HG-CSR-EVENT-13.jpg')\">\n    <div class=\"wpbf-container\">\n        <div class=\"page-opener-text whitetext\">\n            <h5>\u00c9V\u00c9NEMENTS<\/h5>\n<h1>Votre prochain \u00e9v\u00e9nement chez Frame21<\/h1>\n            <div class=\"page-opener-btns\">\n                                    <a class=\"boostu-btn\" href=\"https:\/\/www.frame21.eu\/fr\/contact\/\" >Contactez-nous<\/a>\n                                            <\/div>\n        <\/div>\n    <\/div>\n    <\/div>\n    <div class=\"rw-boostu-wrapper rw-breadcrumbs\">\n        <div class=\"wpbf-container\">\n                        <p><a href=\"https:\/\/www.frame21.eu\">Accueil<\/a> \/ <a href=\"https:\/\/www.frame21.eu\/fr\/salles-de-reunion-et-d-evenements\/\">Salles de r\u00e9union et d\u2019\u00e9v\u00e9nements<\/a> \/ <a href=\"https:\/\/www.frame21.eu\/fr\/salles-de-reunion-et-d-evenements\/espaces-evenementiel\/\">Espaces \u00e9v\u00e9nementiel<\/a><\/p>\n        <\/div>\n    <\/div>\n<div class=\"rw-whitespace\"><\/div><div class=\"rw-boostu-wrapper rw-image-text\">\n    <div class=\"wpbf-container\">\n        <div class=\"image-text-wrapper\">\n                                <div class=\"image-text-row\">\n                        <div class=\"image-text-text\">\n                            <h2>Organiser des \u00e9v\u00e9nements chez Frame21<\/h2>\n<p>Frame21 dispose de plusieurs espaces \u00e9v\u00e9nementiels parfaits pour organiser des ateliers, des conf\u00e9rences, des tables rondes, des cours de formation, des drinks, des d\u00eeners ambulants et des \u00e9v\u00e9nements d\u2019entreprise. En collaboration avec des partenaires de restauration soigneusement s\u00e9lectionn\u00e9s, nous \u00e9laborons une proposition d\u00e9taill\u00e9e sur mesure. L\u2019\u00e9quipe \u00e9v\u00e9nementielle de Frame21 fournit le soutien n\u00e9cessaire avant, pendant et apr\u00e8s votre \u00e9v\u00e9nement. Nos sites sont strat\u00e9giquement situ\u00e9s et disposent d\u2019un grand nombre de places de stationnement avec des stations de recharge et des chargeurs rapides.<\/p>\n<p>Consultez les options pour <a href=\"#diegem\">Frame21 Brussels Airport<\/a> ou pour <a href=\"#herentals\">Frame21 Herentals<\/a>.<\/p>\n                                                    <\/div>\n                        <div class=\"image-text-image\">\n                            <img decoding=\"async\" src=\"https:\/\/www.frame21.eu\/wp-content\/uploads\/2024\/02\/Frame21-Image98-1600x900-1.jpg\" alt=\"Frame21-Image98-1600x900\">\n                        <\/div>\n                    <\/div>\n                        <\/div>\n    <\/div>\n<\/div>\n<div class=\"rw-whitespace\"><\/div><div class=\"rw-boostu-wrapper rw-text\">\n    <div class=\"wpbf-container\">\n\t\t<div class=\"text-wrapper\">\n\t\t\t<h2 id=\"diegem\">Frame21 Brussels Airport<\/h2>\n<p>Chez Frame21 Brussels Airport, nos <strong>espaces \u00e9v\u00e9nementiels<\/strong> sont con\u00e7us pour \u00eatre facilement transform\u00e9s en fonction de vos besoins et de vos exigences.<\/p>\n<p>Les salles peuvent accueillir des groupes de 2 \u00e0 120 personnes. Toutes les salles sont \u00e9quip\u00e9es d\u2019\u00e9crans g\u00e9ants et offrent m\u00eame la possibilit\u00e9 d\u2019organiser des vid\u00e9oconf\u00e9rences.<\/p>\n<p>Dans chaque site Frame21, un gestionnaire d\u2019\u00e9v\u00e9nements est \u00e0 votre disposition pour planifier la journ\u00e9e ou la soir\u00e9e id\u00e9ale.<\/p>\n<p>Chez Frame21 Brussels Airport, vos clients peuvent se garer en surface et en sous-sol. Il y a 40 stations de recharge disponibles et quatre chargeurs rapides.<\/p>\n<table>\n<thead>\n<tr>\n<th>Salle de r\u00e9union<\/th>\n<th>U-SHAPE<\/th>\n<th>Theatre<\/th>\n<th>Classroom<\/th>\n<th>Boardroom<\/th>\n<th>Banquet<\/th>\n<th>Hollow rectangle<\/th>\n<th>M\u00b2<\/th>\n<th>Hauteur<\/th>\n<\/tr>\n<\/thead>\n<tbody>\n<tr>\n<th>ZRH<\/th>\n<td>x<\/td>\n<td>x<\/td>\n<td>x<\/td>\n<td>4<\/td>\n<td>x<\/td>\n<td>x<\/td>\n<td>12<\/td>\n<td>3,5<\/td>\n<\/tr>\n<tr>\n<th>BCN<\/th>\n<td>x<\/td>\n<td>x<\/td>\n<td>x<\/td>\n<td>8<\/td>\n<td>x<\/td>\n<td>x<\/td>\n<td>23<\/td>\n<td>3,5<\/td>\n<\/tr>\n<tr>\n<th>JFK<\/th>\n<td>x<\/td>\n<td>x<\/td>\n<td>x<\/td>\n<td>4<\/td>\n<td>x<\/td>\n<td>x<\/td>\n<td>18<\/td>\n<td>3,5<\/td>\n<\/tr>\n<tr>\n<th>MCH<\/th>\n<td>x<\/td>\n<td>x<\/td>\n<td>x<\/td>\n<td>4<\/td>\n<td>x<\/td>\n<td>x<\/td>\n<td>15<\/td>\n<td>3,5<\/td>\n<\/tr>\n<tr>\n<th>DXB<\/th>\n<td>x<\/td>\n<td>x<\/td>\n<td>x<\/td>\n<td>8<\/td>\n<td>x<\/td>\n<td>x<\/td>\n<td>17<\/td>\n<td>3,5<\/td>\n<\/tr>\n<tr>\n<th>BRU I<\/th>\n<td>16<\/td>\n<td>36<\/td>\n<td>18<\/td>\n<td>12<\/td>\n<td>18<\/td>\n<td>20<\/td>\n<td>55<\/td>\n<td>4<\/td>\n<\/tr>\n<tr>\n<th>BRU II<\/th>\n<td>16<\/td>\n<td>24<\/td>\n<td>15<\/td>\n<td>12<\/td>\n<td>18<\/td>\n<td>20<\/td>\n<td>43<\/td>\n<td>4<\/td>\n<\/tr>\n<tr>\n<th>BRU III<\/th>\n<td>16<\/td>\n<td>36<\/td>\n<td>18<\/td>\n<td>12<\/td>\n<td>18<\/td>\n<td>20<\/td>\n<td>55<\/td>\n<td>4<\/td>\n<\/tr>\n<tr>\n<th>BRU I-II<\/th>\n<td>27<\/td>\n<td>63<\/td>\n<td>35<\/td>\n<td>26<\/td>\n<td>35<\/td>\n<td>34<\/td>\n<td>98<\/td>\n<td>4<\/td>\n<\/tr>\n<tr>\n<th>BRU II-III<\/th>\n<td>27<\/td>\n<td>63<\/td>\n<td>35<\/td>\n<td>26<\/td>\n<td>35<\/td>\n<td>34<\/td>\n<td>98<\/td>\n<td>4<\/td>\n<\/tr>\n<tr>\n<th>BRU I-III<\/th>\n<td>40<\/td>\n<td>100<\/td>\n<td>80<\/td>\n<td>40<\/td>\n<td>32<\/td>\n<td>50<\/td>\n<td>153<\/td>\n<td>4<\/td>\n<\/tr>\n<tr>\n<th>BAR21<\/th>\n<td>x<\/td>\n<td>x<\/td>\n<td>x<\/td>\n<td>x<\/td>\n<td>x<\/td>\n<td>x<\/td>\n<td>7<\/td>\n<td>3<\/td>\n<\/tr>\n<tr>\n<th>Arcade\/worklounge<\/th>\n<td>x<\/td>\n<td>x<\/td>\n<td>x<\/td>\n<td>x<\/td>\n<td>x<\/td>\n<td>x<\/td>\n<td>64,8<\/td>\n<td>4<\/td>\n<\/tr>\n<\/tbody>\n<\/table>\n\t\t<\/div>\n    <\/div>\n<\/div>\n<div class=\"rw-whitespace\"><\/div><div class=\"rw-boostu-wrapper rw-text\">\n    <div class=\"wpbf-container\">\n\t\t<div class=\"text-wrapper\">\n\t\t\t<h2 id=\"herentals\">Frame21 Herentals<\/h2>\n<p>Chez Frame21 Herentals, nous pouvons accueillir jusqu\u2019\u00e0 200 personnes dans l\u2019espace \u00e9v\u00e9nementiel.<\/p>\n<p>Pour cet impressionnant hall d\u2019escalier, le fabricant de meubles Herental Drisag a con\u00e7u des canap\u00e9s sur mesure. Vous pouvez ainsi regarder des pr\u00e9sentations pendant des heures, dans le confort absolu, comme si vous \u00e9tiez assis dans votre canap\u00e9 \u00e0 la maison.<\/p>\n<p>Ensuite, vous pourrez d\u00e9guster une collation ou une boisson dans notre charmant espace, \u00ab Le Garage \u00bb.<\/p>\n<p>Si vous louez un espace \u00e9v\u00e9nementiel chez Frame21, vous pouvez compter sur une organisation compl\u00e8te, de l\u2019accueil avec h\u00f4tesses \u00e0 l\u2019assistance technique en passant par la restauration. Nous organisons tout dans les moindres d\u00e9tails pour que vous n\u2019ayez plus qu\u2019\u00e0 en profiter !<\/p>\n<table>\n<thead>\n<tr>\n<th>Salle de r\u00e9union<\/th>\n<th>Event stairs<\/th>\n<th>The garage<\/th>\n<th>Lobby lounge<\/th>\n<th>Bar21<\/th>\n<\/tr>\n<\/thead>\n<tbody>\n<tr>\n<th>PAX<\/th>\n<td>200<\/td>\n<td>200<\/td>\n<td>80<\/td>\n<td>50<\/td>\n<\/tr>\n<\/tbody>\n<\/table>\n\t\t<\/div>\n    <\/div>\n<\/div>\n<div class=\"rw-whitespace\"><\/div><div class=\"rw-boostu-wrapper rw-gallery\">\n    <div class=\"wpbf-container\">\n                <div class=\"gallery-wrapper\">\n                                <img decoding=\"async\" src=\"https:\/\/www.frame21.eu\/wp-content\/uploads\/2024\/02\/01102021-BLE-HG-23-scaled.jpg\" alt=\"01102021-BLE-HG-23\">\n                                    <img decoding=\"async\" src=\"https:\/\/www.frame21.eu\/wp-content\/uploads\/2024\/02\/16062022-HG-CSR-EVENT-13.jpg\" alt=\"16062022-HG-CSR-EVENT-13\">\n                                    <img decoding=\"async\" src=\"https:\/\/www.frame21.eu\/wp-content\/uploads\/2024\/02\/DSC03208.jpg\" alt=\"DSC03208\">\n                                    <img decoding=\"async\" src=\"https:\/\/www.frame21.eu\/wp-content\/uploads\/2024\/02\/01102021-BLE-HG-179-scaled.jpg\" alt=\"01102021-BLE-HG-179\">\n                        <\/div>\n    <\/div>\n<\/div>\n<div class=\"rw-whitespace\"><\/div><div class=\"rw-boostu-wrapper rw-cta-banner whitetext\">\n    <div class=\"wpbf-container\">\n        <div class=\"cta-banner-wrapper\">\n            \n            <h2>Nous aimons votre sourire !<\/h2>\n<p>Vous souhaitez r\u00e9server un espace \u00e9v\u00e9nementiel dans l&rsquo;un de nos sites, mais vous ne savez pas exactement ce dont vous avez besoin ? Pas de probl\u00e8me, nous nous ferons un plaisir de vous donner des conseils sur mesure. Profitez de l&rsquo;amusement, de la flexibilit\u00e9 et de l&rsquo;\u00e9quit\u00e9 des affaires chez Frame21 !<\/p>\n\n            <div class=\"cta-buttons\">\n                \n                                    <a class=\"boostu-btn\" \n                       href=\"https:\/\/www.frame21.eu\/fr\/contact\/\" \n                       >\n                        Contactez-nous                    <\/a>\n                \n                            <\/div>\n\n        <\/div>\n    <\/div>\n<\/div><\/div>","protected":false},"excerpt":{"rendered":"","protected":false},"author":1,"featured_media":0,"parent":856,"menu_order":0,"comment_status":"closed","ping_status":"closed","template":"","meta":{"_acf_changed":false,"_price":"","_stock":"","_tribe_ticket_header":"","_tribe_default_ticket_provider":"","_tribe_ticket_capacity":"0","_ticket_start_date":"","_ticket_end_date":"","_tribe_ticket_show_description":"","_tribe_ticket_show_not_going":false,"_tribe_ticket_use_global_stock":"","_tribe_ticket_global_stock_level":"","_global_stock_mode":"","_global_stock_cap":"","_tribe_rsvp_for_event":"","_tribe_ticket_going_count":"","_tribe_ticket_not_going_count":"","_tribe_tickets_list":"[]","_tribe_ticket_has_attendee_info_fields":false,"footnotes":"","_tec_slr_enabled":"","_tec_slr_layout":""},"class_list":["post-863","page","type-page","status-publish","hentry","wpbf-post"],"acf":[],"yoast_head":"<!-- This site is optimized with the Yoast SEO plugin v27.3 - https:\/\/yoast.com\/product\/yoast-seo-wordpress\/ -->\n<title>Espaces \u00e9v\u00e9nementiel - Frame21<\/title>\n<meta name=\"robots\" content=\"index, follow, max-snippet:-1, max-image-preview:large, max-video-preview:-1\" \/>\n<link rel=\"canonical\" href=\"https:\/\/www.frame21.eu\/fr\/salles-de-reunion-et-d-evenements\/espaces-evenementiel\/\" \/>\n<meta property=\"og:locale\" content=\"fr_FR\" \/>\n<meta property=\"og:type\" content=\"article\" \/>\n<meta property=\"og:title\" content=\"Espaces \u00e9v\u00e9nementiel - Frame21\" \/>\n<meta property=\"og:url\" content=\"https:\/\/www.frame21.eu\/fr\/salles-de-reunion-et-d-evenements\/espaces-evenementiel\/\" \/>\n<meta property=\"og:site_name\" content=\"Frame21\" \/>\n<meta property=\"article:modified_time\" content=\"2025-03-28T05:38:40+00:00\" \/>\n<meta property=\"og:image\" content=\"https:\/\/www.frame21.eu\/wp-content\/uploads\/2024\/02\/DSCF1680.jpg\" \/>\n\t<meta property=\"og:image:width\" content=\"1920\" \/>\n\t<meta property=\"og:image:height\" content=\"1920\" \/>\n\t<meta property=\"og:image:type\" content=\"image\/jpeg\" \/>\n<meta name=\"twitter:card\" content=\"summary_large_image\" \/>\n<script type=\"application\/ld+json\" class=\"yoast-schema-graph\">{\"@context\":\"https:\\\/\\\/schema.org\",\"@graph\":[{\"@type\":\"WebPage\",\"@id\":\"https:\\\/\\\/www.frame21.eu\\\/fr\\\/salles-de-reunion-et-d-evenements\\\/espaces-evenementiel\\\/\",\"url\":\"https:\\\/\\\/www.frame21.eu\\\/fr\\\/salles-de-reunion-et-d-evenements\\\/espaces-evenementiel\\\/\",\"name\":\"Espaces \u00e9v\u00e9nementiel - Frame21\",\"isPartOf\":{\"@id\":\"https:\\\/\\\/www.frame21.eu\\\/#website\"},\"datePublished\":\"2024-02-06T13:22:59+00:00\",\"dateModified\":\"2025-03-28T05:38:40+00:00\",\"breadcrumb\":{\"@id\":\"https:\\\/\\\/www.frame21.eu\\\/fr\\\/salles-de-reunion-et-d-evenements\\\/espaces-evenementiel\\\/#breadcrumb\"},\"inLanguage\":\"fr-FR\",\"potentialAction\":[{\"@type\":\"ReadAction\",\"target\":[\"https:\\\/\\\/www.frame21.eu\\\/fr\\\/salles-de-reunion-et-d-evenements\\\/espaces-evenementiel\\\/\"]}]},{\"@type\":\"BreadcrumbList\",\"@id\":\"https:\\\/\\\/www.frame21.eu\\\/fr\\\/salles-de-reunion-et-d-evenements\\\/espaces-evenementiel\\\/#breadcrumb\",\"itemListElement\":[{\"@type\":\"ListItem\",\"position\":1,\"name\":\"Home\",\"item\":\"https:\\\/\\\/www.frame21.eu\\\/fr\\\/\"},{\"@type\":\"ListItem\",\"position\":2,\"name\":\"Salles de r\u00e9union et d\u2019\u00e9v\u00e9nements\",\"item\":\"https:\\\/\\\/www.frame21.eu\\\/fr\\\/salles-de-reunion-et-d-evenements\\\/\"},{\"@type\":\"ListItem\",\"position\":3,\"name\":\"Espaces \u00e9v\u00e9nementiel\"}]},{\"@type\":\"WebSite\",\"@id\":\"https:\\\/\\\/www.frame21.eu\\\/#website\",\"url\":\"https:\\\/\\\/www.frame21.eu\\\/\",\"name\":\"Frame21\",\"description\":\"Space that works for you\",\"publisher\":{\"@id\":\"https:\\\/\\\/www.frame21.eu\\\/#organization\"},\"potentialAction\":[{\"@type\":\"SearchAction\",\"target\":{\"@type\":\"EntryPoint\",\"urlTemplate\":\"https:\\\/\\\/www.frame21.eu\\\/?s={search_term_string}\"},\"query-input\":{\"@type\":\"PropertyValueSpecification\",\"valueRequired\":true,\"valueName\":\"search_term_string\"}}],\"inLanguage\":\"fr-FR\"},{\"@type\":\"Organization\",\"@id\":\"https:\\\/\\\/www.frame21.eu\\\/#organization\",\"name\":\"Frame21\",\"url\":\"https:\\\/\\\/www.frame21.eu\\\/\",\"logo\":{\"@type\":\"ImageObject\",\"inLanguage\":\"fr-FR\",\"@id\":\"https:\\\/\\\/www.frame21.eu\\\/#\\\/schema\\\/logo\\\/image\\\/\",\"url\":\"https:\\\/\\\/www.frame21.eu\\\/wp-content\\\/uploads\\\/2024\\\/02\\\/logo-frame21.svg\",\"contentUrl\":\"https:\\\/\\\/www.frame21.eu\\\/wp-content\\\/uploads\\\/2024\\\/02\\\/logo-frame21.svg\",\"width\":1,\"height\":1,\"caption\":\"Frame21\"},\"image\":{\"@id\":\"https:\\\/\\\/www.frame21.eu\\\/#\\\/schema\\\/logo\\\/image\\\/\"}}]}<\/script>\n<!-- \/ Yoast SEO plugin. -->","yoast_head_json":{"title":"Espaces \u00e9v\u00e9nementiel - Frame21","robots":{"index":"index","follow":"follow","max-snippet":"max-snippet:-1","max-image-preview":"max-image-preview:large","max-video-preview":"max-video-preview:-1"},"canonical":"https:\/\/www.frame21.eu\/fr\/salles-de-reunion-et-d-evenements\/espaces-evenementiel\/","og_locale":"fr_FR","og_type":"article","og_title":"Espaces \u00e9v\u00e9nementiel - Frame21","og_url":"https:\/\/www.frame21.eu\/fr\/salles-de-reunion-et-d-evenements\/espaces-evenementiel\/","og_site_name":"Frame21","article_modified_time":"2025-03-28T05:38:40+00:00","og_image":[{"width":1920,"height":1920,"url":"https:\/\/www.frame21.eu\/wp-content\/uploads\/2024\/02\/DSCF1680.jpg","type":"image\/jpeg"}],"twitter_card":"summary_large_image","schema":{"@context":"https:\/\/schema.org","@graph":[{"@type":"WebPage","@id":"https:\/\/www.frame21.eu\/fr\/salles-de-reunion-et-d-evenements\/espaces-evenementiel\/","url":"https:\/\/www.frame21.eu\/fr\/salles-de-reunion-et-d-evenements\/espaces-evenementiel\/","name":"Espaces \u00e9v\u00e9nementiel - Frame21","isPartOf":{"@id":"https:\/\/www.frame21.eu\/#website"},"datePublished":"2024-02-06T13:22:59+00:00","dateModified":"2025-03-28T05:38:40+00:00","breadcrumb":{"@id":"https:\/\/www.frame21.eu\/fr\/salles-de-reunion-et-d-evenements\/espaces-evenementiel\/#breadcrumb"},"inLanguage":"fr-FR","potentialAction":[{"@type":"ReadAction","target":["https:\/\/www.frame21.eu\/fr\/salles-de-reunion-et-d-evenements\/espaces-evenementiel\/"]}]},{"@type":"BreadcrumbList","@id":"https:\/\/www.frame21.eu\/fr\/salles-de-reunion-et-d-evenements\/espaces-evenementiel\/#breadcrumb","itemListElement":[{"@type":"ListItem","position":1,"name":"Home","item":"https:\/\/www.frame21.eu\/fr\/"},{"@type":"ListItem","position":2,"name":"Salles de r\u00e9union et d\u2019\u00e9v\u00e9nements","item":"https:\/\/www.frame21.eu\/fr\/salles-de-reunion-et-d-evenements\/"},{"@type":"ListItem","position":3,"name":"Espaces \u00e9v\u00e9nementiel"}]},{"@type":"WebSite","@id":"https:\/\/www.frame21.eu\/#website","url":"https:\/\/www.frame21.eu\/","name":"Frame21","description":"Space that works for you","publisher":{"@id":"https:\/\/www.frame21.eu\/#organization"},"potentialAction":[{"@type":"SearchAction","target":{"@type":"EntryPoint","urlTemplate":"https:\/\/www.frame21.eu\/?s={search_term_string}"},"query-input":{"@type":"PropertyValueSpecification","valueRequired":true,"valueName":"search_term_string"}}],"inLanguage":"fr-FR"},{"@type":"Organization","@id":"https:\/\/www.frame21.eu\/#organization","name":"Frame21","url":"https:\/\/www.frame21.eu\/","logo":{"@type":"ImageObject","inLanguage":"fr-FR","@id":"https:\/\/www.frame21.eu\/#\/schema\/logo\/image\/","url":"https:\/\/www.frame21.eu\/wp-content\/uploads\/2024\/02\/logo-frame21.svg","contentUrl":"https:\/\/www.frame21.eu\/wp-content\/uploads\/2024\/02\/logo-frame21.svg","width":1,"height":1,"caption":"Frame21"},"image":{"@id":"https:\/\/www.frame21.eu\/#\/schema\/logo\/image\/"}}]}},"ticketed":false,"_links":{"self":[{"href":"https:\/\/www.frame21.eu\/fr\/wp-json\/wp\/v2\/pages\/863","targetHints":{"allow":["GET"]}}],"collection":[{"href":"https:\/\/www.frame21.eu\/fr\/wp-json\/wp\/v2\/pages"}],"about":[{"href":"https:\/\/www.frame21.eu\/fr\/wp-json\/wp\/v2\/types\/page"}],"author":[{"embeddable":true,"href":"https:\/\/www.frame21.eu\/fr\/wp-json\/wp\/v2\/users\/1"}],"replies":[{"embeddable":true,"href":"https:\/\/www.frame21.eu\/fr\/wp-json\/wp\/v2\/comments?post=863"}],"version-history":[{"count":10,"href":"https:\/\/www.frame21.eu\/fr\/wp-json\/wp\/v2\/pages\/863\/revisions"}],"predecessor-version":[{"id":2135,"href":"https:\/\/www.frame21.eu\/fr\/wp-json\/wp\/v2\/pages\/863\/revisions\/2135"}],"up":[{"embeddable":true,"href":"https:\/\/www.frame21.eu\/fr\/wp-json\/wp\/v2\/pages\/856"}],"wp:attachment":[{"href":"https:\/\/www.frame21.eu\/fr\/wp-json\/wp\/v2\/media?parent=863"}],"curies":[{"name":"wp","href":"https:\/\/api.w.org\/{rel}","templated":true}]}}